{"id":44592,"date":"2021-10-14T15:58:20","date_gmt":"2021-10-14T12:58:20","guid":{"rendered":"https:\/\/www.teknocanta.com\/sac-a-dos-promotionnel-pour-le-congres\/"},"modified":"2023-06-15T15:24:00","modified_gmt":"2023-06-15T12:24:00","slug":"sac-a-dos-promotionnel-congres","status":"publish","type":"product","link":"https:\/\/www.teknocanta.com\/fr\/produit\/sac-a-dos-promotionnel-congres\/","title":{"rendered":"Sac \u00e0 dos promotionnel pour le congr\u00e8s"},"content":{"rendered":"<p class=\"MsoNormal\">Sac \u00e0 dos promotionnel pour le congr\u00e8s<\/p>\n<p class=\"MsoNormal\">Sac \u00e0 dos promotionnel pour congr\u00e8s prix \u00e9crit sur notre page web<br \/>\nElle sera valable pour les commandes de 500 pi\u00e8ces. Liste de prix pour diff\u00e9rentes quantit\u00e9s<br \/>\nle demander.<o:p><\/o:p><\/p>\n<p class=\"MsoNormal\">Il s&rsquo;agit d&rsquo;un produit stock\u00e9. La couleur du sac en stock est le gris. <o:p><\/o:p><\/p>\n<p class=\"MsoNormal\">La TVA de 8% et les frais d&rsquo;impression ne sont pas inclus dans le prix.<\/p>\n<p class=\"MsoNormal\">La taille du sac est de 45x30x14 cm. Sac 2 en haut et 2 \u00e0 l&rsquo;avant<br \/>\net se compose de sections. Mousse de 8 mm d&rsquo;\u00e9paisseur dans le sac et qualit\u00e9 de type 8<br \/>\nLa fermeture \u00e0 glissi\u00e8re est utilis\u00e9e. Le sac contient un compartiment pour ordinateur portable et de petits articles de tous les jours tels que des stylos et des crayons.<br \/>\nDe petites poches permettent de placer des objets.<\/p>\n<p class=\"MsoNormal\">Sac \u00e0 dos promotionnel Congr\u00e8s imperm\u00e9able et substance canc\u00e9rig\u00e8ne<br \/>\nen tissu de lin impertex de luxe. Surface du tissu technique<br \/>\nConvient \u00e0 tous les types d&rsquo;impression, quel que soit l&rsquo;angle. Aucun dommage \u00e0 l&rsquo;int\u00e9rieur ou \u00e0 l&rsquo;ext\u00e9rieur du sac<br \/>\nL&rsquo;impression par transfert, la s\u00e9rigraphie ou la broderie peuvent \u00eatre r\u00e9alis\u00e9es sur la zone. Si vous le souhaitez<br \/>\nvotre logo est imprim\u00e9 sur la plaque m\u00e9tallique \u00e0 l&rsquo;aide d&rsquo;une technique d&rsquo;impression au laser et mont\u00e9 sur le sac<br \/>\nC&rsquo;est possible.<\/p>\n<p class=\"MsoNormal\">200 pi\u00e8ces et plus de tissu pour vos commandes sp\u00e9ciales de sacs de fabrication<br \/>\nla couleur de la doublure et la couleur de la fermeture \u00e9clair peuvent \u00eatre produites dans la couleur de votre choix. Couleur du tissu<br \/>\nvous pouvez choisir une couleur de tissu \u00e0 partir de la carte d&rsquo;\u00e9chantillons. Longueur du sac plus longue ou plus courte<br \/>\nvous pouvez pr\u00e9f\u00e9rer.<\/p>\n<p class=\"MsoNormal\">Broderie technique sur sacs de congr\u00e8s promotionnels<br \/>\nn&rsquo;est pas possible. L&rsquo;impression de broderies est \u00e9galement appliqu\u00e9e sur le tissu concern\u00e9 pendant la production.<br \/>\nsont en cours. S\u00e9rigraphie de logos en une couleur sur des sacs pr\u00eats \u00e0 l&#8217;emploi, en deux ou trois couleurs.<br \/>\nLa technique d&rsquo;impression par transfert est possible pour les logos comportant plus de couleurs.<\/p>\n<p class=\"MsoNormal\">D\u00e9lais de fabrication pour vos commandes de sacs de congr\u00e8s en gros<br \/>\nau moins une semaine, selon l&rsquo;heure. Produits en stock sans impression le jour m\u00eame<br \/>\npeut \u00eatre d\u00e9livr\u00e9e. Le d\u00e9lai d&rsquo;impression pour les produits en stock est de quelques jours.<\/p>\n<p class=\"MsoNormal\">Sacs de congr\u00e8s stock\u00e9s pour vos besoins urgents en sacs de congr\u00e8s<br \/>\nviendra \u00e0 votre secours. Sacs promotionnels stock\u00e9s temps de fabrication en attente<br \/>\nsans qu&rsquo;il soit n\u00e9cessaire d&rsquo;imprimer ou de d\u00e9-imprimer rapidement selon les besoins<br \/>\nle corrigera. La fabrication du sac prend en moyenne une semaine.<br \/>\nune bonne solution pour les organisations qui n&rsquo;ont pas de sac et qui en ont besoin plus t\u00f4t<br \/>\nsera.<\/p>\n<p class=\"MsoNormal\">Sacs \u00e0 dos promotionnels en gros pour congr\u00e8s et symposiums<br \/>\nIl convient \u00e9galement tr\u00e8s bien aux entreprises. Besoins quotidiens<br \/>\nIl s&rsquo;agit d&rsquo;un produit dont la capacit\u00e9 est suffisante pour r\u00e9pondre aux besoins. L\u00e9ger et fonctionnel<br \/>\nmod\u00e8le de mallette.<\/p>\n<p class=\"MsoNormal\">Sacs \u00e0 dos promotionnels, tels que congr\u00e8s, symposiums et s\u00e9minaires<br \/>\nvous pouvez l&rsquo;utiliser lors de toutes sortes d&rsquo;\u00e9v\u00e9nements, l&rsquo;offrir \u00e0 vos clients<br \/>\nest un produit promotionnel utile que vous pouvez utiliser.<\/p>\n<p class=\"MsoNormal\">La fabrication des sacs en Europe se fait \u00e0 Istanbul et la production est enti\u00e8rement nationale.<br \/>\nest un produit. Notre atelier se trouve dans le district de K\u00fc\u00e7\u00fck\u00e7ekmece, notre bureau de vente et notre salle d&rsquo;exposition dans le district de K\u00fc\u00e7\u00fck\u00e7ekmece.<br \/>\nse trouve dans le district de Bagc\u0131lar, sur le site des grossistes d&rsquo;isto\u00e7.<\/p>\n<p class=\"MsoNormal\">Nos produits sont nos cargaisons sous contrat \u00e0 partir de notre adresse istoc.<br \/>\nou des soci\u00e9t\u00e9s d&rsquo;entreposage avec des prix \u00e9conomiques dans toute la Turquie<br \/>\npeut \u00eatre mis \u00e0 disposition.<o:p><\/o:p><\/p>\n","protected":false},"excerpt":{"rendered":"<p>Sac \u00e0 dos promotionnel pour le congr\u00e8s Sac \u00e0 dos promotionnel pour congr\u00e8s prix \u00e9crit sur notre page web Elle sera valable pour les commandes de 500 pi\u00e8ces. Liste de prix pour diff\u00e9rentes quantit\u00e9s le demander. Il s&rsquo;agit d&rsquo;un produit stock\u00e9. La couleur du sac en stock est le gris. La TVA de 8% et&hellip;<\/p>\n","protected":false},"featured_media":42797,"comment_status":"open","ping_status":"closed","template":"","meta":[],"product_brand":[],"product_cat":[1374,1363,1376],"product_tag":[1564,1656],"class_list":{"0":"post-44592","1":"product","2":"type-product","3":"status-publish","4":"has-post-thumbnail","6":"product_cat-sac-a-dos","7":"product_cat-sac-de-congres-et-de-symposium","8":"product_cat-sacs-approvisionnes","9":"product_tag-fabricant-de-sacs-fr","10":"product_tag-fabricants-de-sacs-a-istocta","11":"description-off","13":"first","14":"instock","15":"shipping-taxable","16":"purchasable","17":"product-type-simple"},"yoast_head":"<!-- This site is optimized with the Yoast SEO plugin v26.6 - https:\/\/yoast.com\/wordpress\/plugins\/seo\/ -->\n<title>Sac \u00e0 dos promotionnel pour le congr\u00e8s - Tekno \u00c7anta - Promosyon Toptan \u00c7anta \u0130malat\u0131<\/title>\n<meta name=\"robots\" content=\"index, follow, max-snippet:-1, max-image-preview:large, max-video-preview:-1\" \/>\n<link rel=\"canonical\" href=\"https:\/\/www.teknocanta.com\/fr\/produit\/sac-a-dos-promotionnel-congres\/\" \/>\n<meta property=\"og:locale\" content=\"fr_FR\" \/>\n<meta property=\"og:type\" content=\"article\" \/>\n<meta property=\"og:title\" content=\"Sac \u00e0 dos promotionnel pour le congr\u00e8s - Tekno \u00c7anta - Promosyon Toptan \u00c7anta \u0130malat\u0131\" \/>\n<meta property=\"og:description\" content=\"Sac \u00e0 dos promotionnel pour le congr\u00e8s Sac \u00e0 dos promotionnel pour congr\u00e8s prix \u00e9crit sur notre page web Elle sera valable pour les commandes de 500 pi\u00e8ces. Liste de prix pour diff\u00e9rentes quantit\u00e9s le demander. Il s&rsquo;agit d&rsquo;un produit stock\u00e9. La couleur du sac en stock est le gris. La TVA de 8% et&hellip;\" \/>\n<meta property=\"og:url\" content=\"https:\/\/www.teknocanta.com\/fr\/produit\/sac-a-dos-promotionnel-congres\/\" \/>\n<meta property=\"og:site_name\" content=\"Tekno \u00c7anta - Promosyon Toptan \u00c7anta \u0130malat\u0131\" \/>\n<meta property=\"article:modified_time\" content=\"2023-06-15T12:24:00+00:00\" \/>\n<meta property=\"og:image\" content=\"https:\/\/www.teknocanta.com\/wp-content\/uploads\/2021\/10\/promosyonkongresirtcantasianaresim98.jpg\" \/>\n\t<meta property=\"og:image:width\" content=\"580\" \/>\n\t<meta property=\"og:image:height\" content=\"681\" \/>\n\t<meta property=\"og:image:type\" content=\"image\/jpeg\" \/>\n<meta name=\"twitter:card\" content=\"summary_large_image\" \/>\n<meta name=\"twitter:label1\" content=\"Dur\u00e9e de lecture estim\u00e9e\" \/>\n\t<meta name=\"twitter:data1\" content=\"3 minutes\" \/>\n<script type=\"application\/ld+json\" class=\"yoast-schema-graph\">{\"@context\":\"https:\/\/schema.org\",\"@graph\":[{\"@type\":\"WebPage\",\"@id\":\"https:\/\/www.teknocanta.com\/fr\/produit\/sac-a-dos-promotionnel-congres\/\",\"url\":\"https:\/\/www.teknocanta.com\/fr\/produit\/sac-a-dos-promotionnel-congres\/\",\"name\":\"Sac \u00e0 dos promotionnel pour le congr\u00e8s - Tekno \u00c7anta - Promosyon Toptan \u00c7anta \u0130malat\u0131\",\"isPartOf\":{\"@id\":\"https:\/\/www.teknocanta.com\/#website\"},\"primaryImageOfPage\":{\"@id\":\"https:\/\/www.teknocanta.com\/fr\/produit\/sac-a-dos-promotionnel-congres\/#primaryimage\"},\"image\":{\"@id\":\"https:\/\/www.teknocanta.com\/fr\/produit\/sac-a-dos-promotionnel-congres\/#primaryimage\"},\"thumbnailUrl\":\"https:\/\/www.teknocanta.com\/wp-content\/uploads\/2021\/10\/promosyonkongresirtcantasianaresim98.jpg\",\"datePublished\":\"2021-10-14T12:58:20+00:00\",\"dateModified\":\"2023-06-15T12:24:00+00:00\",\"breadcrumb\":{\"@id\":\"https:\/\/www.teknocanta.com\/fr\/produit\/sac-a-dos-promotionnel-congres\/#breadcrumb\"},\"inLanguage\":\"fr-FR\",\"potentialAction\":[{\"@type\":\"ReadAction\",\"target\":[\"https:\/\/www.teknocanta.com\/fr\/produit\/sac-a-dos-promotionnel-congres\/\"]}]},{\"@type\":\"ImageObject\",\"inLanguage\":\"fr-FR\",\"@id\":\"https:\/\/www.teknocanta.com\/fr\/produit\/sac-a-dos-promotionnel-congres\/#primaryimage\",\"url\":\"https:\/\/www.teknocanta.com\/wp-content\/uploads\/2021\/10\/promosyonkongresirtcantasianaresim98.jpg\",\"contentUrl\":\"https:\/\/www.teknocanta.com\/wp-content\/uploads\/2021\/10\/promosyonkongresirtcantasianaresim98.jpg\",\"width\":580,\"height\":681},{\"@type\":\"BreadcrumbList\",\"@id\":\"https:\/\/www.teknocanta.com\/fr\/produit\/sac-a-dos-promotionnel-congres\/#breadcrumb\",\"itemListElement\":[{\"@type\":\"ListItem\",\"position\":1,\"name\":\"Ana sayfa\",\"item\":\"https:\/\/www.teknocanta.com\/fr\/\"},{\"@type\":\"ListItem\",\"position\":2,\"name\":\"\u00dcr\u00fcnler\",\"item\":\"https:\/\/www.teknocanta.com\/urunler\/\"},{\"@type\":\"ListItem\",\"position\":3,\"name\":\"Sac \u00e0 dos promotionnel pour le congr\u00e8s\"}]},{\"@type\":\"WebSite\",\"@id\":\"https:\/\/www.teknocanta.com\/#website\",\"url\":\"https:\/\/www.teknocanta.com\/\",\"name\":\"Tekno \u00c7anta - Promosyon Toptan \u00c7anta \u0130malat\u0131\",\"description\":\"Toptan \u00e7anta imalat\u0131, ham bez \u00e7anta, s\u0131rt \u00e7antalar\u0131, laptop ve evrak \u00e7antalar\u0131, kongre \u00e7antalar\u0131, fuar \u00e7antas\u0131 ve ipli b\u00fczg\u00fcl\u00fc \u00e7anta imalat\u0131 yapmaktay\u0131z.\",\"potentialAction\":[{\"@type\":\"SearchAction\",\"target\":{\"@type\":\"EntryPoint\",\"urlTemplate\":\"https:\/\/www.teknocanta.com\/?s={search_term_string}\"},\"query-input\":{\"@type\":\"PropertyValueSpecification\",\"valueRequired\":true,\"valueName\":\"search_term_string\"}}],\"inLanguage\":\"fr-FR\"}]}<\/script>\n<!-- \/ Yoast SEO plugin. -->","yoast_head_json":{"title":"Sac \u00e0 dos promotionnel pour le congr\u00e8s - Tekno \u00c7anta - Promosyon Toptan \u00c7anta \u0130malat\u0131","robots":{"index":"index","follow":"follow","max-snippet":"max-snippet:-1","max-image-preview":"max-image-preview:large","max-video-preview":"max-video-preview:-1"},"canonical":"https:\/\/www.teknocanta.com\/fr\/produit\/sac-a-dos-promotionnel-congres\/","og_locale":"fr_FR","og_type":"article","og_title":"Sac \u00e0 dos promotionnel pour le congr\u00e8s - Tekno \u00c7anta - Promosyon Toptan \u00c7anta \u0130malat\u0131","og_description":"Sac \u00e0 dos promotionnel pour le congr\u00e8s Sac \u00e0 dos promotionnel pour congr\u00e8s prix \u00e9crit sur notre page web Elle sera valable pour les commandes de 500 pi\u00e8ces. Liste de prix pour diff\u00e9rentes quantit\u00e9s le demander. Il s&rsquo;agit d&rsquo;un produit stock\u00e9. La couleur du sac en stock est le gris. La TVA de 8% et&hellip;","og_url":"https:\/\/www.teknocanta.com\/fr\/produit\/sac-a-dos-promotionnel-congres\/","og_site_name":"Tekno \u00c7anta - Promosyon Toptan \u00c7anta \u0130malat\u0131","article_modified_time":"2023-06-15T12:24:00+00:00","og_image":[{"width":580,"height":681,"url":"https:\/\/www.teknocanta.com\/wp-content\/uploads\/2021\/10\/promosyonkongresirtcantasianaresim98.jpg","type":"image\/jpeg"}],"twitter_card":"summary_large_image","twitter_misc":{"Dur\u00e9e de lecture estim\u00e9e":"3 minutes"},"schema":{"@context":"https:\/\/schema.org","@graph":[{"@type":"WebPage","@id":"https:\/\/www.teknocanta.com\/fr\/produit\/sac-a-dos-promotionnel-congres\/","url":"https:\/\/www.teknocanta.com\/fr\/produit\/sac-a-dos-promotionnel-congres\/","name":"Sac \u00e0 dos promotionnel pour le congr\u00e8s - Tekno \u00c7anta - Promosyon Toptan \u00c7anta \u0130malat\u0131","isPartOf":{"@id":"https:\/\/www.teknocanta.com\/#website"},"primaryImageOfPage":{"@id":"https:\/\/www.teknocanta.com\/fr\/produit\/sac-a-dos-promotionnel-congres\/#primaryimage"},"image":{"@id":"https:\/\/www.teknocanta.com\/fr\/produit\/sac-a-dos-promotionnel-congres\/#primaryimage"},"thumbnailUrl":"https:\/\/www.teknocanta.com\/wp-content\/uploads\/2021\/10\/promosyonkongresirtcantasianaresim98.jpg","datePublished":"2021-10-14T12:58:20+00:00","dateModified":"2023-06-15T12:24:00+00:00","breadcrumb":{"@id":"https:\/\/www.teknocanta.com\/fr\/produit\/sac-a-dos-promotionnel-congres\/#breadcrumb"},"inLanguage":"fr-FR","potentialAction":[{"@type":"ReadAction","target":["https:\/\/www.teknocanta.com\/fr\/produit\/sac-a-dos-promotionnel-congres\/"]}]},{"@type":"ImageObject","inLanguage":"fr-FR","@id":"https:\/\/www.teknocanta.com\/fr\/produit\/sac-a-dos-promotionnel-congres\/#primaryimage","url":"https:\/\/www.teknocanta.com\/wp-content\/uploads\/2021\/10\/promosyonkongresirtcantasianaresim98.jpg","contentUrl":"https:\/\/www.teknocanta.com\/wp-content\/uploads\/2021\/10\/promosyonkongresirtcantasianaresim98.jpg","width":580,"height":681},{"@type":"BreadcrumbList","@id":"https:\/\/www.teknocanta.com\/fr\/produit\/sac-a-dos-promotionnel-congres\/#breadcrumb","itemListElement":[{"@type":"ListItem","position":1,"name":"Ana sayfa","item":"https:\/\/www.teknocanta.com\/fr\/"},{"@type":"ListItem","position":2,"name":"\u00dcr\u00fcnler","item":"https:\/\/www.teknocanta.com\/urunler\/"},{"@type":"ListItem","position":3,"name":"Sac \u00e0 dos promotionnel pour le congr\u00e8s"}]},{"@type":"WebSite","@id":"https:\/\/www.teknocanta.com\/#website","url":"https:\/\/www.teknocanta.com\/","name":"Tekno \u00c7anta - Promosyon Toptan \u00c7anta \u0130malat\u0131","description":"Toptan \u00e7anta imalat\u0131, ham bez \u00e7anta, s\u0131rt \u00e7antalar\u0131, laptop ve evrak \u00e7antalar\u0131, kongre \u00e7antalar\u0131, fuar \u00e7antas\u0131 ve ipli b\u00fczg\u00fcl\u00fc \u00e7anta imalat\u0131 yapmaktay\u0131z.","potentialAction":[{"@type":"SearchAction","target":{"@type":"EntryPoint","urlTemplate":"https:\/\/www.teknocanta.com\/?s={search_term_string}"},"query-input":{"@type":"PropertyValueSpecification","valueRequired":true,"valueName":"search_term_string"}}],"inLanguage":"fr-FR"}]}},"_links":{"self":[{"href":"https:\/\/www.teknocanta.com\/fr\/wp-json\/wp\/v2\/product\/44592","targetHints":{"allow":["GET"]}}],"collection":[{"href":"https:\/\/www.teknocanta.com\/fr\/wp-json\/wp\/v2\/product"}],"about":[{"href":"https:\/\/www.teknocanta.com\/fr\/wp-json\/wp\/v2\/types\/product"}],"replies":[{"embeddable":true,"href":"https:\/\/www.teknocanta.com\/fr\/wp-json\/wp\/v2\/comments?post=44592"}],"wp:featuredmedia":[{"embeddable":true,"href":"https:\/\/www.teknocanta.com\/fr\/wp-json\/wp\/v2\/media\/42797"}],"wp:attachment":[{"href":"https:\/\/www.teknocanta.com\/fr\/wp-json\/wp\/v2\/media?parent=44592"}],"wp:term":[{"taxonomy":"product_brand","embeddable":true,"href":"https:\/\/www.teknocanta.com\/fr\/wp-json\/wp\/v2\/product_brand?post=44592"},{"taxonomy":"product_cat","embeddable":true,"href":"https:\/\/www.teknocanta.com\/fr\/wp-json\/wp\/v2\/product_cat?post=44592"},{"taxonomy":"product_tag","embeddable":true,"href":"https:\/\/www.teknocanta.com\/fr\/wp-json\/wp\/v2\/product_tag?post=44592"}],"curies":[{"name":"wp","href":"https:\/\/api.w.org\/{rel}","templated":true}]}}