{"id":44589,"date":"2021-10-14T15:58:43","date_gmt":"2021-10-14T12:58:43","guid":{"rendered":"https:\/\/www.teknocanta.com\/sac-promotionne-a-poignee-metallique\/"},"modified":"2021-10-14T15:58:43","modified_gmt":"2021-10-14T12:58:43","slug":"sac-promotionnel-a-poignee-metallique","status":"publish","type":"product","link":"https:\/\/www.teknocanta.com\/fr\/produit\/sac-promotionnel-a-poignee-metallique\/","title":{"rendered":"Sac promotionne \u00e0-poign\u00e9e m\u00e9tallique"},"content":{"rendered":"<div>Les prix des sacs varient en fonction de la quantit\u00e9 command\u00e9e, veuillez tenir compte des prix indiqu\u00e9s ci-dessus. La TVA de 8% et les frais d&rsquo;impression ne sont pas inclus dans le prix.<\/div>\n<div>Il s&rsquo;agit d&rsquo;un produit stock\u00e9, pr\u00eat \u00e0 l&#8217;emploi dans l&rsquo;entrep\u00f4t. La couleur du sac en stock est le gris.<\/div>\n<div><\/div>\n<div>La taille du sac est de 44x30x14 cm. La poign\u00e9e du sac est en aluminium. Il y a deux compartiments principaux avec fermeture \u00e0 glissi\u00e8re sur le dessus et deux petites poches s\u00e9par\u00e9es avec fermeture \u00e0 glissi\u00e8re dissimul\u00e9e sur le devant. Le sac est fabriqu\u00e9 \u00e0 partir d&rsquo;une \u00e9ponge de 8 mm d&rsquo;\u00e9paisseur et de poign\u00e9es m\u00e9talliques \u00e0 fermeture \u00e9clair de qualit\u00e9 type 8. Le sac comporte un compartiment pour ordinateur portable.<\/div>\n<div><\/div>\n<div>Sac \u00e0 dos pour ordinateur portable avec poign\u00e9e en m\u00e9tal ; Il est fabriqu\u00e9 en tissu de lin luxueux import\u00e9 qui ne laisse pas passer l&rsquo;eau et ne contient pas de substances canc\u00e9rig\u00e8nes (sans phtalates). L&rsquo;impression par transfert, la s\u00e9rigraphie ou la broderie peuvent \u00eatre r\u00e9alis\u00e9es sur n&rsquo;importe quelle zone \u00e0 l&rsquo;int\u00e9rieur ou \u00e0 l&rsquo;ext\u00e9rieur du sac. Si vous le souhaitez, votre logo peut \u00eatre imprim\u00e9 sur la plaque m\u00e9tallique \u00e0 l&rsquo;aide d&rsquo;une technique d&rsquo;impression au laser et mont\u00e9 sur le sac. Vous pouvez obtenir des informations sur la technique d&rsquo;impression la plus pr\u00e9cise et sur le co\u00fbt en communiquant le logo que vous souhaitez imprimer \u00e0 notre repr\u00e9sentant de la client\u00e8le. La technique d&rsquo;impression est souvent li\u00e9e au nombre de couleurs du logo.<\/div>\n<div><\/div>\n<div>Pour les commandes de 150 pi\u00e8ces ou plus, la couleur du tissu, la couleur de la doublure et la couleur de la fermeture \u00e9clair peuvent \u00eatre produites dans la couleur que vous souhaitez. Vous pouvez choisir la couleur du tissu et de la fermeture \u00e9clair dans le nuancier.<\/div>\n<div><\/div>\n<div>L&rsquo;impression de broderies n&rsquo;est techniquement pas possible sur les sacs pr\u00eats \u00e0 l&#8217;emploi en stock. Les logos de broderie sont appliqu\u00e9s sur la partie d\u00e9coup\u00e9e du sac pendant la fabrication, puis cousus sur le sac. Les logos unicolores sont imprim\u00e9s en s\u00e9rigraphie sur les sacs \u00e0 dos pr\u00eats \u00e0 l&#8217;emploi, tandis que la technique d&rsquo;impression par transfert est appliqu\u00e9e pour les logos en deux couleurs ou plus.<\/div>\n<div><\/div>\n<div>Les d\u00e9lais de fabrication pour vos commandes de sacs \u00e0 dos pour ordinateur portable avec poign\u00e9e en m\u00e9tal sont d&rsquo;au moins une semaine en fonction de la quantit\u00e9. Les produits en stock peuvent \u00eatre livr\u00e9s le jour m\u00eame sans impression. Le d\u00e9lai d&rsquo;impression pour les produits en stock est de quelques jours.<\/div>\n<div><\/div>\n<div>Les sacs \u00e0 dos stock\u00e9s viendront \u00e0 votre rescousse pour vos besoins urgents en mati\u00e8re de sacs promotionnels. Les sacs en gros stock\u00e9s r\u00e9pondront rapidement \u00e0 vos besoins, avec ou sans impression, sans qu&rsquo;il soit n\u00e9cessaire d&rsquo;attendre le temps de fabrication. La production d&rsquo;un sac prenant en moyenne une semaine, les organisations qui n&rsquo;ont pas le temps et qui ont besoin d&rsquo;un sac plus t\u00f4t trouveront l\u00e0 une bonne solution.<\/div>\n<div><\/div>\n<div>Les sacs \u00e0 dos en gros conviennent parfaitement aux entreprises ainsi qu&rsquo;aux congr\u00e8s et symposiums. Il s&rsquo;agit d&rsquo;un produit dont la capacit\u00e9 est suffisante pour r\u00e9pondre aux besoins quotidiens. Il s&rsquo;agit d&rsquo;un mod\u00e8le de mallette l\u00e9ger et fonctionnel.<\/div>\n<div><\/div>\n<div>Les sacs \u00e0 dos promotionnels sont un produit promotionnel utile que vous pouvez utiliser lors de toutes sortes d&rsquo;\u00e9v\u00e9nements tels que des congr\u00e8s, des symposiums et des s\u00e9minaires et que vous pouvez offrir \u00e0 vos clients.<\/div>\n<div><\/div>\n<div>Le sac Avrupa est fabriqu\u00e9 \u00e0 Istanbul et il s&rsquo;agit d&rsquo;un produit de fabrication 100 % nationale. Notre atelier est situ\u00e9 dans le district de K\u00fc\u00e7\u00fck\u00e7ekmece, et notre bureau de vente et notre salle d&rsquo;exposition se trouvent dans le district de Ba\u011fc\u0131lar \u0130sto\u00e7, sur le site des grossistes.<\/div>\n<div><\/div>\n<div>Nos produits peuvent \u00eatre exp\u00e9di\u00e9s dans toute la Turquie \u00e0 des prix \u00e9conomiques par l&rsquo;interm\u00e9diaire de nos soci\u00e9t\u00e9s de fret ou d&rsquo;entreposage sous contrat depuis notre adresse d&rsquo;Isto\u00e7.<\/div>\n<div><\/div>\n","protected":false},"excerpt":{"rendered":"<p>Les prix des sacs varient en fonction de la quantit\u00e9 command\u00e9e, veuillez tenir compte des prix indiqu\u00e9s ci-dessus. La TVA de 8% et les frais d&rsquo;impression ne sont pas inclus dans le prix. Il s&rsquo;agit d&rsquo;un produit stock\u00e9, pr\u00eat \u00e0 l&#8217;emploi dans l&rsquo;entrep\u00f4t. La couleur du sac en stock est le gris. La taille du&hellip;<\/p>\n","protected":false},"featured_media":44092,"comment_status":"open","ping_status":"closed","template":"","meta":[],"product_brand":[],"product_cat":[1374,1363,1376],"product_tag":[1583,1653],"class_list":{"0":"post-44589","1":"product","2":"type-product","3":"status-publish","4":"has-post-thumbnail","6":"product_cat-sac-a-dos","7":"product_cat-sac-de-congres-et-de-symposium","8":"product_cat-sacs-approvisionnes","9":"product_tag-entreprises-de-fabrication-de-sacs","10":"product_tag-grossistes-en-sacs-istanbul","11":"description-off","13":"first","14":"instock","15":"shipping-taxable","16":"purchasable","17":"product-type-simple"},"yoast_head":"<!-- This site is optimized with the Yoast SEO plugin v26.6 - https:\/\/yoast.com\/wordpress\/plugins\/seo\/ -->\n<title>Sac promotionne \u00e0-poign\u00e9e m\u00e9tallique - Tekno \u00c7anta - Promosyon Toptan \u00c7anta \u0130malat\u0131<\/title>\n<meta name=\"robots\" content=\"index, follow, max-snippet:-1, max-image-preview:large, max-video-preview:-1\" \/>\n<link rel=\"canonical\" href=\"https:\/\/www.teknocanta.com\/sac-promotionne-a-poignee-metallique\/\" \/>\n<meta property=\"og:locale\" content=\"fr_FR\" \/>\n<meta property=\"og:type\" content=\"article\" \/>\n<meta property=\"og:title\" content=\"Sac promotionne \u00e0-poign\u00e9e m\u00e9tallique - Tekno \u00c7anta - Promosyon Toptan \u00c7anta \u0130malat\u0131\" \/>\n<meta property=\"og:description\" content=\"Les prix des sacs varient en fonction de la quantit\u00e9 command\u00e9e, veuillez tenir compte des prix indiqu\u00e9s ci-dessus. La TVA de 8% et les frais d&rsquo;impression ne sont pas inclus dans le prix. Il s&rsquo;agit d&rsquo;un produit stock\u00e9, pr\u00eat \u00e0 l&#8217;emploi dans l&rsquo;entrep\u00f4t. La couleur du sac en stock est le gris. La taille du&hellip;\" \/>\n<meta property=\"og:url\" content=\"https:\/\/www.teknocanta.com\/sac-promotionne-a-poignee-metallique\/\" \/>\n<meta property=\"og:site_name\" content=\"Tekno \u00c7anta - Promosyon Toptan \u00c7anta \u0130malat\u0131\" \/>\n<meta name=\"twitter:card\" content=\"summary_large_image\" \/>\n<meta name=\"twitter:label1\" content=\"Dur\u00e9e de lecture estim\u00e9e\" \/>\n\t<meta name=\"twitter:data1\" content=\"3 minutes\" \/>\n<script type=\"application\/ld+json\" class=\"yoast-schema-graph\">{\"@context\":\"https:\/\/schema.org\",\"@graph\":[{\"@type\":\"WebPage\",\"@id\":\"https:\/\/www.teknocanta.com\/sac-promotionne-a-poignee-metallique\/\",\"url\":\"https:\/\/www.teknocanta.com\/sac-promotionne-a-poignee-metallique\/\",\"name\":\"Sac promotionne \u00e0-poign\u00e9e m\u00e9tallique - Tekno \u00c7anta - Promosyon Toptan \u00c7anta \u0130malat\u0131\",\"isPartOf\":{\"@id\":\"https:\/\/www.teknocanta.com\/#website\"},\"primaryImageOfPage\":{\"@id\":\"https:\/\/www.teknocanta.com\/sac-promotionne-a-poignee-metallique\/#primaryimage\"},\"image\":{\"@id\":\"https:\/\/www.teknocanta.com\/sac-promotionne-a-poignee-metallique\/#primaryimage\"},\"thumbnailUrl\":\"https:\/\/www.teknocanta.com\/wp-content\/uploads\/2021\/10\/AV024pg-2.jpg\",\"datePublished\":\"2021-10-14T12:58:43+00:00\",\"breadcrumb\":{\"@id\":\"https:\/\/www.teknocanta.com\/sac-promotionne-a-poignee-metallique\/#breadcrumb\"},\"inLanguage\":\"fr-FR\",\"potentialAction\":[{\"@type\":\"ReadAction\",\"target\":[\"https:\/\/www.teknocanta.com\/sac-promotionne-a-poignee-metallique\/\"]}]},{\"@type\":\"ImageObject\",\"inLanguage\":\"fr-FR\",\"@id\":\"https:\/\/www.teknocanta.com\/sac-promotionne-a-poignee-metallique\/#primaryimage\",\"url\":\"https:\/\/www.teknocanta.com\/wp-content\/uploads\/2021\/10\/AV024pg-2.jpg\",\"contentUrl\":\"https:\/\/www.teknocanta.com\/wp-content\/uploads\/2021\/10\/AV024pg-2.jpg\",\"width\":1000,\"height\":1000},{\"@type\":\"BreadcrumbList\",\"@id\":\"https:\/\/www.teknocanta.com\/sac-promotionne-a-poignee-metallique\/#breadcrumb\",\"itemListElement\":[{\"@type\":\"ListItem\",\"position\":1,\"name\":\"Ana sayfa\",\"item\":\"https:\/\/www.teknocanta.com\/fr\/\"},{\"@type\":\"ListItem\",\"position\":2,\"name\":\"\u00dcr\u00fcnler\",\"item\":\"https:\/\/www.teknocanta.com\/urunler\/\"},{\"@type\":\"ListItem\",\"position\":3,\"name\":\"Sac promotionne \u00e0-poign\u00e9e m\u00e9tallique\"}]},{\"@type\":\"WebSite\",\"@id\":\"https:\/\/www.teknocanta.com\/#website\",\"url\":\"https:\/\/www.teknocanta.com\/\",\"name\":\"Tekno \u00c7anta - Promosyon Toptan \u00c7anta \u0130malat\u0131\",\"description\":\"Toptan \u00e7anta imalat\u0131, ham bez \u00e7anta, s\u0131rt \u00e7antalar\u0131, laptop ve evrak \u00e7antalar\u0131, kongre \u00e7antalar\u0131, fuar \u00e7antas\u0131 ve ipli b\u00fczg\u00fcl\u00fc \u00e7anta imalat\u0131 yapmaktay\u0131z.\",\"potentialAction\":[{\"@type\":\"SearchAction\",\"target\":{\"@type\":\"EntryPoint\",\"urlTemplate\":\"https:\/\/www.teknocanta.com\/?s={search_term_string}\"},\"query-input\":{\"@type\":\"PropertyValueSpecification\",\"valueRequired\":true,\"valueName\":\"search_term_string\"}}],\"inLanguage\":\"fr-FR\"}]}<\/script>\n<!-- \/ Yoast SEO plugin. -->","yoast_head_json":{"title":"Sac promotionne \u00e0-poign\u00e9e m\u00e9tallique - Tekno \u00c7anta - Promosyon Toptan \u00c7anta \u0130malat\u0131","robots":{"index":"index","follow":"follow","max-snippet":"max-snippet:-1","max-image-preview":"max-image-preview:large","max-video-preview":"max-video-preview:-1"},"canonical":"https:\/\/www.teknocanta.com\/sac-promotionne-a-poignee-metallique\/","og_locale":"fr_FR","og_type":"article","og_title":"Sac promotionne \u00e0-poign\u00e9e m\u00e9tallique - Tekno \u00c7anta - Promosyon Toptan \u00c7anta \u0130malat\u0131","og_description":"Les prix des sacs varient en fonction de la quantit\u00e9 command\u00e9e, veuillez tenir compte des prix indiqu\u00e9s ci-dessus. La TVA de 8% et les frais d&rsquo;impression ne sont pas inclus dans le prix. Il s&rsquo;agit d&rsquo;un produit stock\u00e9, pr\u00eat \u00e0 l&#8217;emploi dans l&rsquo;entrep\u00f4t. La couleur du sac en stock est le gris. La taille du&hellip;","og_url":"https:\/\/www.teknocanta.com\/sac-promotionne-a-poignee-metallique\/","og_site_name":"Tekno \u00c7anta - Promosyon Toptan \u00c7anta \u0130malat\u0131","twitter_card":"summary_large_image","twitter_misc":{"Dur\u00e9e de lecture estim\u00e9e":"3 minutes"},"schema":{"@context":"https:\/\/schema.org","@graph":[{"@type":"WebPage","@id":"https:\/\/www.teknocanta.com\/sac-promotionne-a-poignee-metallique\/","url":"https:\/\/www.teknocanta.com\/sac-promotionne-a-poignee-metallique\/","name":"Sac promotionne \u00e0-poign\u00e9e m\u00e9tallique - Tekno \u00c7anta - Promosyon Toptan \u00c7anta \u0130malat\u0131","isPartOf":{"@id":"https:\/\/www.teknocanta.com\/#website"},"primaryImageOfPage":{"@id":"https:\/\/www.teknocanta.com\/sac-promotionne-a-poignee-metallique\/#primaryimage"},"image":{"@id":"https:\/\/www.teknocanta.com\/sac-promotionne-a-poignee-metallique\/#primaryimage"},"thumbnailUrl":"https:\/\/www.teknocanta.com\/wp-content\/uploads\/2021\/10\/AV024pg-2.jpg","datePublished":"2021-10-14T12:58:43+00:00","breadcrumb":{"@id":"https:\/\/www.teknocanta.com\/sac-promotionne-a-poignee-metallique\/#breadcrumb"},"inLanguage":"fr-FR","potentialAction":[{"@type":"ReadAction","target":["https:\/\/www.teknocanta.com\/sac-promotionne-a-poignee-metallique\/"]}]},{"@type":"ImageObject","inLanguage":"fr-FR","@id":"https:\/\/www.teknocanta.com\/sac-promotionne-a-poignee-metallique\/#primaryimage","url":"https:\/\/www.teknocanta.com\/wp-content\/uploads\/2021\/10\/AV024pg-2.jpg","contentUrl":"https:\/\/www.teknocanta.com\/wp-content\/uploads\/2021\/10\/AV024pg-2.jpg","width":1000,"height":1000},{"@type":"BreadcrumbList","@id":"https:\/\/www.teknocanta.com\/sac-promotionne-a-poignee-metallique\/#breadcrumb","itemListElement":[{"@type":"ListItem","position":1,"name":"Ana sayfa","item":"https:\/\/www.teknocanta.com\/fr\/"},{"@type":"ListItem","position":2,"name":"\u00dcr\u00fcnler","item":"https:\/\/www.teknocanta.com\/urunler\/"},{"@type":"ListItem","position":3,"name":"Sac promotionne \u00e0-poign\u00e9e m\u00e9tallique"}]},{"@type":"WebSite","@id":"https:\/\/www.teknocanta.com\/#website","url":"https:\/\/www.teknocanta.com\/","name":"Tekno \u00c7anta - Promosyon Toptan \u00c7anta \u0130malat\u0131","description":"Toptan \u00e7anta imalat\u0131, ham bez \u00e7anta, s\u0131rt \u00e7antalar\u0131, laptop ve evrak \u00e7antalar\u0131, kongre \u00e7antalar\u0131, fuar \u00e7antas\u0131 ve ipli b\u00fczg\u00fcl\u00fc \u00e7anta imalat\u0131 yapmaktay\u0131z.","potentialAction":[{"@type":"SearchAction","target":{"@type":"EntryPoint","urlTemplate":"https:\/\/www.teknocanta.com\/?s={search_term_string}"},"query-input":{"@type":"PropertyValueSpecification","valueRequired":true,"valueName":"search_term_string"}}],"inLanguage":"fr-FR"}]}},"_links":{"self":[{"href":"https:\/\/www.teknocanta.com\/fr\/wp-json\/wp\/v2\/product\/44589","targetHints":{"allow":["GET"]}}],"collection":[{"href":"https:\/\/www.teknocanta.com\/fr\/wp-json\/wp\/v2\/product"}],"about":[{"href":"https:\/\/www.teknocanta.com\/fr\/wp-json\/wp\/v2\/types\/product"}],"replies":[{"embeddable":true,"href":"https:\/\/www.teknocanta.com\/fr\/wp-json\/wp\/v2\/comments?post=44589"}],"wp:featuredmedia":[{"embeddable":true,"href":"https:\/\/www.teknocanta.com\/fr\/wp-json\/wp\/v2\/media\/44092"}],"wp:attachment":[{"href":"https:\/\/www.teknocanta.com\/fr\/wp-json\/wp\/v2\/media?parent=44589"}],"wp:term":[{"taxonomy":"product_brand","embeddable":true,"href":"https:\/\/www.teknocanta.com\/fr\/wp-json\/wp\/v2\/product_brand?post=44589"},{"taxonomy":"product_cat","embeddable":true,"href":"https:\/\/www.teknocanta.com\/fr\/wp-json\/wp\/v2\/product_cat?post=44589"},{"taxonomy":"product_tag","embeddable":true,"href":"https:\/\/www.teknocanta.com\/fr\/wp-json\/wp\/v2\/product_tag?post=44589"}],"curies":[{"name":"wp","href":"https:\/\/api.w.org\/{rel}","templated":true}]}}