{"id":37262,"date":"2021-10-14T15:50:53","date_gmt":"2021-10-14T12:50:53","guid":{"rendered":"https:\/\/www.teknocanta.com\/?post_type=product&#038;p=37262"},"modified":"2026-04-21T06:12:48","modified_gmt":"2026-04-21T03:12:48","slug":"lamineli-parlak-bez-canta","status":"publish","type":"product","link":"https:\/\/www.teknocanta.com\/en\/urun\/lamineli-parlak-bez-canta\/","title":{"rendered":"Lamineli Parlak Bez \u00c7anta"},"content":{"rendered":"<p class=\"MsoNormal\" style=\"color: rgb(110, 111, 112); line-height: normal; font-family: Verdana, serif, arial; font-size: 14px; margin-bottom: 6.4pt;\"><span style=\"font-size: 9pt;\">Promosyon Lamineli Parlak Bez \u00c7anta<o:p><\/o:p><\/span><\/p>\n<p class=\"MsoNormal\" style=\"text-align: justify; color: rgb(110, 111, 112); line-height: normal; font-family: Verdana, serif, arial; font-size: 14px; margin-bottom: 0pt;\"><span style=\"font-size: 9pt;\">En: 40 cm<o:p><\/o:p><\/span><\/p>\n<p class=\"MsoNormal\" style=\"text-align: justify; color: rgb(110, 111, 112); line-height: normal; font-family: Verdana, serif, arial; font-size: 14px; margin-bottom: 0pt;\"><span style=\"font-size: 9pt;\">Y\u00fckseklik: 35 cm&nbsp;<o:p><\/o:p><\/span><\/p>\n<p class=\"MsoNormal\" style=\"text-align: justify; color: rgb(110, 111, 112); line-height: normal; font-family: Verdana, serif, arial; font-size: 14px; margin-bottom: 0pt;\"><span style=\"font-size: 9pt;\">K\u00f6r\u00fck: 8 cm<o:p><\/o:p><\/span><\/p>\n<p class=\"MsoNormal\" style=\"text-align: justify; color: rgb(110, 111, 112); line-height: normal; font-family: Verdana, serif, arial; font-size: 14px; margin-bottom: 0pt;\"><span style=\"font-size: 9pt;\">100 gr laminasyonlu tela kuma\u015f<o:p><\/o:p><\/span><\/p>\n<p class=\"MsoNormal\" style=\"text-align: justify; color: rgb(110, 111, 112); line-height: normal; font-family: Verdana, serif, arial; font-size: 14px; margin-bottom: 0pt;\"><span style=\"font-size: 9pt;\">2 taraf bask\u0131l\u0131<o:p><\/o:p><\/span><\/p>\n<p class=\"MsoNormal\" style=\"text-align: justify; color: rgb(110, 111, 112); line-height: normal; font-family: Verdana, serif, arial; font-size: 14px; margin-bottom: 0pt;\"><span style=\"font-size: 9pt;\">Uzun veya k\u0131sa sapl\u0131 model<o:p><\/o:p><\/span><\/p>\n<p class=\"MsoNormal\" style=\"text-align: justify; color: rgb(110, 111, 112); line-height: normal; font-family: Verdana, serif, arial; font-size: 14px; margin-bottom: 0pt;\"><span style=\"font-size: 9pt;\">\u0130malat s\u00fcresi 7 i\u015f g\u00fcn\u00fc<\/span><\/p>\n<p class=\"MsoNormal\" style=\"text-align: justify; color: rgb(110, 111, 112); line-height: normal; font-family: Verdana, serif, arial; font-size: 14px; margin-bottom: 0pt;\"><span style=\"font-size: 9pt;\">&nbsp;<o:p><\/o:p><\/span><\/p>\n<p class=\"MsoNormal\" style=\"text-align: justify; color: rgb(110, 111, 112); line-height: normal; font-family: Verdana, serif, arial; font-size: 14px; margin-bottom: 0pt;\"><span style=\"font-size: 9pt;\">Laminasyonlu bez \u00e7antalar, tela kuma\u015flar\u0131n \u00fczeri parlak veya mat laminasyon ile kaplanm\u0131\u015f \u00e7antalard\u0131r. Laminasyonlu bez \u00e7antalarda bask\u0131lar \u00e7ok net, parlak ve uzun \u00f6m\u00fcrl\u00fcd\u00fcr.<o:p><\/o:p><\/span><\/p>\n<p class=\"MsoNormal\" style=\"text-align: justify; color: rgb(110, 111, 112); line-height: normal; font-family: Verdana, serif, arial; font-size: 14px; margin-bottom: 0pt;\"><span style=\"font-size: 9pt;\">Laminasyonlu elyaf \u00e7antalar\u0131 yatay veya dikey olarak her ebatta sipari\u015f verebilirsiniz. \u00c7anta ebad\u0131nda ful zemin bask\u0131 yapmak m\u00fcmk\u00fcnd\u00fcr.<o:p><\/o:p><\/span><\/p>\n<p class=\"MsoNormal\" style=\"text-align: justify; color: rgb(110, 111, 112); line-height: normal; font-family: Verdana, serif, arial; font-size: 14px; margin-bottom: 0pt;\"><span style=\"font-size: 9pt;\">&nbsp;<o:p><\/o:p><\/span><\/p>\n<p class=\"MsoNormal\" style=\"text-align: justify; color: rgb(110, 111, 112); line-height: normal; font-family: Verdana, serif, arial; font-size: 14px; margin-bottom: 0pt;\"><span style=\"font-size: 9pt;\">Sipari\u015f adedi artt\u0131k\u00e7a fiyat avantaj\u0131 da artacakt\u0131r.<o:p><\/o:p><\/span><\/p>\n<p class=\"MsoNormal\" style=\"text-align: justify; color: rgb(110, 111, 112); line-height: normal; font-family: Verdana, serif, arial; font-size: 14px; margin-bottom: 0pt;\"><span style=\"font-size: 9pt;\">Promosyon parlak bez \u00e7antalar\u0131n \u0130malat s\u00fcreleri sipari\u015f adedine g\u00f6re de\u011fi\u015fmekle birlikte ortalama 7 i\u015f g\u00fcn\u00fcd\u00fcr.<o:p><\/o:p><\/span><\/p>\n<p class=\"MsoNormal\" style=\"text-align: justify; color: rgb(110, 111, 112); line-height: normal; font-family: Verdana, serif, arial; font-size: 14px; margin-bottom: 0pt;\"><span style=\"font-size: 9pt;\">&nbsp;<o:p><\/o:p><\/span><\/p>\n<p class=\"MsoNormal\" style=\"text-align: justify; color: rgb(110, 111, 112); line-height: normal; font-family: Verdana, serif, arial; font-size: 14px; margin-bottom: 0pt;\"><span style=\"font-size: 9pt;\">Laminasyonlu nonwoven \u00e7antalar da di\u011fer ham bez veya elyaf \u00e7anta t\u00fcrleri gibi geri d\u00f6n\u00fc\u015f\u00fcml\u00fc ve do\u011fa dostudur ve y\u0131kanabilirler.<o:p><\/o:p><\/span><\/p>\n<p class=\"MsoNormal\" style=\"text-align: justify; color: rgb(110, 111, 112); line-height: normal; font-family: Verdana, serif, arial; font-size: 14px; margin-bottom: 0pt;\"><span style=\"font-size: 9pt;\">&nbsp;<o:p><\/o:p><\/span><\/p>\n<p class=\"MsoNormal\" style=\"text-align: justify; color: rgb(110, 111, 112); line-height: normal; font-family: Verdana, serif, arial; font-size: 14px; margin-bottom: 0pt;\"><span style=\"font-size: 9pt;\">Laminasyon kapl\u0131 parlak kuma\u015f \u00e7antalar; Kurumsal firmalar i\u00e7in Promosyon ama\u00e7l\u0131 Fuar ve benzeri bir\u00e7ok etkinlikte kullan\u0131labilecek uzun \u00f6m\u00fcrl\u00fc ve kullan\u0131\u015fl\u0131 bir reklam arac\u0131d\u0131r,&nbsp;<o:p><\/o:p><\/span><\/p>\n<p class=\"MsoNormal\" style=\"text-align: justify; color: rgb(110, 111, 112); line-height: normal; font-family: Verdana, serif, arial; font-size: 14px; margin-bottom: 0pt;\"><span style=\"font-size: 9pt;\">&nbsp;<o:p><\/o:p><\/span><\/p>\n<p class=\"MsoNormal\" style=\"text-align: justify; color: rgb(110, 111, 112); line-height: normal; font-family: Verdana, serif, arial; font-size: 14px; margin-bottom: 0pt;\"><span style=\"font-size: 9pt;\">\u00c7anta sevkiyatlar\u0131n\u0131 anla\u015fmal\u0131 oldu\u011fumuz kargo \u015firketleri arac\u0131l\u0131\u011f\u0131 ile T\u00fcm T\u00fcrkiye\u2019ye g\u00f6ndermekteyiz.<\/span><\/p>\n","protected":false},"excerpt":{"rendered":"<p>Promosyon Lamineli Parlak Bez \u00c7anta En: 40 cm Y\u00fckseklik: 35 cm&nbsp; K\u00f6r\u00fck: 8 cm 100 gr laminasyonlu tela kuma\u015f 2 taraf bask\u0131l\u0131 Uzun veya k\u0131sa sapl\u0131 model \u0130malat s\u00fcresi 7 i\u015f g\u00fcn\u00fc &nbsp; Laminasyonlu bez \u00e7antalar, tela kuma\u015flar\u0131n \u00fczeri parlak veya mat laminasyon ile kaplanm\u0131\u015f \u00e7antalard\u0131r. Laminasyonlu bez \u00e7antalarda bask\u0131lar \u00e7ok net, parlak ve uzun&hellip;<\/p>\n","protected":false},"featured_media":37391,"comment_status":"open","ping_status":"closed","template":"","meta":[],"product_brand":[],"product_cat":[855],"product_tag":[744,951,617,952],"class_list":{"0":"post-37262","1":"product","2":"type-product","3":"status-publish","4":"has-post-thumbnail","6":"product_cat-tela-bez-canta","7":"product_tag-bez-canta-imalati","8":"product_tag-laminasyonlu-canta-imalati","9":"product_tag-lamineli-parlak-bez-canta","10":"product_tag-metalize-bez-canta","11":"description-off","13":"first","14":"instock","15":"shipping-taxable","16":"purchasable","17":"product-type-simple"},"yoast_head":"<!-- This site is optimized with the Yoast SEO plugin v26.6 - https:\/\/yoast.com\/wordpress\/plugins\/seo\/ -->\n<title>Lamineli Parlak Bez \u00c7anta - Tekno \u00c7anta - Promosyon Toptan \u00c7anta \u0130malat\u0131<\/title>\n<meta name=\"robots\" content=\"index, follow, max-snippet:-1, max-image-preview:large, max-video-preview:-1\" \/>\n<link rel=\"canonical\" href=\"https:\/\/www.teknocanta.com\/lamineli-parlak-bez-canta\/\" \/>\n<meta property=\"og:locale\" content=\"en_US\" \/>\n<meta property=\"og:type\" content=\"article\" \/>\n<meta property=\"og:title\" content=\"Lamineli Parlak Bez \u00c7anta - Tekno \u00c7anta - Promosyon Toptan \u00c7anta \u0130malat\u0131\" \/>\n<meta property=\"og:description\" content=\"Promosyon Lamineli Parlak Bez \u00c7anta En: 40 cm Y\u00fckseklik: 35 cm&nbsp; K\u00f6r\u00fck: 8 cm 100 gr laminasyonlu tela kuma\u015f 2 taraf bask\u0131l\u0131 Uzun veya k\u0131sa sapl\u0131 model \u0130malat s\u00fcresi 7 i\u015f g\u00fcn\u00fc &nbsp; Laminasyonlu bez \u00e7antalar, tela kuma\u015flar\u0131n \u00fczeri parlak veya mat laminasyon ile kaplanm\u0131\u015f \u00e7antalard\u0131r. Laminasyonlu bez \u00e7antalarda bask\u0131lar \u00e7ok net, parlak ve uzun&hellip;\" \/>\n<meta property=\"og:url\" content=\"https:\/\/www.teknocanta.com\/lamineli-parlak-bez-canta\/\" \/>\n<meta property=\"og:site_name\" content=\"Tekno \u00c7anta - Promosyon Toptan \u00c7anta \u0130malat\u0131\" \/>\n<meta property=\"article:modified_time\" content=\"2026-04-21T03:12:48+00:00\" \/>\n<meta property=\"og:image\" content=\"https:\/\/www.teknocanta.com\/wp-content\/uploads\/2021\/10\/Hambez011_lamineli_parlak_bez_canta.jpg\" \/>\n\t<meta property=\"og:image:width\" content=\"600\" \/>\n\t<meta property=\"og:image:height\" content=\"600\" \/>\n\t<meta property=\"og:image:type\" content=\"image\/jpeg\" \/>\n<meta name=\"twitter:card\" content=\"summary_large_image\" \/>\n<meta name=\"twitter:label1\" content=\"Est. reading time\" \/>\n\t<meta name=\"twitter:data1\" content=\"1 minute\" \/>\n<script type=\"application\/ld+json\" class=\"yoast-schema-graph\">{\"@context\":\"https:\/\/schema.org\",\"@graph\":[{\"@type\":\"WebPage\",\"@id\":\"https:\/\/www.teknocanta.com\/lamineli-parlak-bez-canta\/\",\"url\":\"https:\/\/www.teknocanta.com\/lamineli-parlak-bez-canta\/\",\"name\":\"Lamineli Parlak Bez \u00c7anta - Tekno \u00c7anta - Promosyon Toptan \u00c7anta \u0130malat\u0131\",\"isPartOf\":{\"@id\":\"https:\/\/www.teknocanta.com\/#website\"},\"primaryImageOfPage\":{\"@id\":\"https:\/\/www.teknocanta.com\/lamineli-parlak-bez-canta\/#primaryimage\"},\"image\":{\"@id\":\"https:\/\/www.teknocanta.com\/lamineli-parlak-bez-canta\/#primaryimage\"},\"thumbnailUrl\":\"https:\/\/www.teknocanta.com\/wp-content\/uploads\/2021\/10\/Hambez011_lamineli_parlak_bez_canta.jpg\",\"datePublished\":\"2021-10-14T12:50:53+00:00\",\"dateModified\":\"2026-04-21T03:12:48+00:00\",\"breadcrumb\":{\"@id\":\"https:\/\/www.teknocanta.com\/lamineli-parlak-bez-canta\/#breadcrumb\"},\"inLanguage\":\"en-US\",\"potentialAction\":[{\"@type\":\"ReadAction\",\"target\":[\"https:\/\/www.teknocanta.com\/lamineli-parlak-bez-canta\/\"]}]},{\"@type\":\"ImageObject\",\"inLanguage\":\"en-US\",\"@id\":\"https:\/\/www.teknocanta.com\/lamineli-parlak-bez-canta\/#primaryimage\",\"url\":\"https:\/\/www.teknocanta.com\/wp-content\/uploads\/2021\/10\/Hambez011_lamineli_parlak_bez_canta.jpg\",\"contentUrl\":\"https:\/\/www.teknocanta.com\/wp-content\/uploads\/2021\/10\/Hambez011_lamineli_parlak_bez_canta.jpg\",\"width\":600,\"height\":600},{\"@type\":\"BreadcrumbList\",\"@id\":\"https:\/\/www.teknocanta.com\/lamineli-parlak-bez-canta\/#breadcrumb\",\"itemListElement\":[{\"@type\":\"ListItem\",\"position\":1,\"name\":\"Ana sayfa\",\"item\":\"https:\/\/www.teknocanta.com\/en\/\"},{\"@type\":\"ListItem\",\"position\":2,\"name\":\"\u00dcr\u00fcnler\",\"item\":\"https:\/\/www.teknocanta.com\/urunler\/\"},{\"@type\":\"ListItem\",\"position\":3,\"name\":\"Lamineli Parlak Bez \u00c7anta\"}]},{\"@type\":\"WebSite\",\"@id\":\"https:\/\/www.teknocanta.com\/#website\",\"url\":\"https:\/\/www.teknocanta.com\/\",\"name\":\"Tekno \u00c7anta - Promosyon Toptan \u00c7anta \u0130malat\u0131\",\"description\":\"Toptan \u00e7anta imalat\u0131, ham bez \u00e7anta, s\u0131rt \u00e7antalar\u0131, laptop ve evrak \u00e7antalar\u0131, kongre \u00e7antalar\u0131, fuar \u00e7antas\u0131 ve ipli b\u00fczg\u00fcl\u00fc \u00e7anta imalat\u0131 yapmaktay\u0131z.\",\"potentialAction\":[{\"@type\":\"SearchAction\",\"target\":{\"@type\":\"EntryPoint\",\"urlTemplate\":\"https:\/\/www.teknocanta.com\/?s={search_term_string}\"},\"query-input\":{\"@type\":\"PropertyValueSpecification\",\"valueRequired\":true,\"valueName\":\"search_term_string\"}}],\"inLanguage\":\"en-US\"}]}<\/script>\n<!-- \/ Yoast SEO plugin. -->","yoast_head_json":{"title":"Lamineli Parlak Bez \u00c7anta - Tekno \u00c7anta - Promosyon Toptan \u00c7anta \u0130malat\u0131","robots":{"index":"index","follow":"follow","max-snippet":"max-snippet:-1","max-image-preview":"max-image-preview:large","max-video-preview":"max-video-preview:-1"},"canonical":"https:\/\/www.teknocanta.com\/lamineli-parlak-bez-canta\/","og_locale":"en_US","og_type":"article","og_title":"Lamineli Parlak Bez \u00c7anta - Tekno \u00c7anta - Promosyon Toptan \u00c7anta \u0130malat\u0131","og_description":"Promosyon Lamineli Parlak Bez \u00c7anta En: 40 cm Y\u00fckseklik: 35 cm&nbsp; K\u00f6r\u00fck: 8 cm 100 gr laminasyonlu tela kuma\u015f 2 taraf bask\u0131l\u0131 Uzun veya k\u0131sa sapl\u0131 model \u0130malat s\u00fcresi 7 i\u015f g\u00fcn\u00fc &nbsp; Laminasyonlu bez \u00e7antalar, tela kuma\u015flar\u0131n \u00fczeri parlak veya mat laminasyon ile kaplanm\u0131\u015f \u00e7antalard\u0131r. Laminasyonlu bez \u00e7antalarda bask\u0131lar \u00e7ok net, parlak ve uzun&hellip;","og_url":"https:\/\/www.teknocanta.com\/lamineli-parlak-bez-canta\/","og_site_name":"Tekno \u00c7anta - Promosyon Toptan \u00c7anta \u0130malat\u0131","article_modified_time":"2026-04-21T03:12:48+00:00","og_image":[{"width":600,"height":600,"url":"https:\/\/www.teknocanta.com\/wp-content\/uploads\/2021\/10\/Hambez011_lamineli_parlak_bez_canta.jpg","type":"image\/jpeg"}],"twitter_card":"summary_large_image","twitter_misc":{"Est. reading time":"1 minute"},"schema":{"@context":"https:\/\/schema.org","@graph":[{"@type":"WebPage","@id":"https:\/\/www.teknocanta.com\/lamineli-parlak-bez-canta\/","url":"https:\/\/www.teknocanta.com\/lamineli-parlak-bez-canta\/","name":"Lamineli Parlak Bez \u00c7anta - Tekno \u00c7anta - Promosyon Toptan \u00c7anta \u0130malat\u0131","isPartOf":{"@id":"https:\/\/www.teknocanta.com\/#website"},"primaryImageOfPage":{"@id":"https:\/\/www.teknocanta.com\/lamineli-parlak-bez-canta\/#primaryimage"},"image":{"@id":"https:\/\/www.teknocanta.com\/lamineli-parlak-bez-canta\/#primaryimage"},"thumbnailUrl":"https:\/\/www.teknocanta.com\/wp-content\/uploads\/2021\/10\/Hambez011_lamineli_parlak_bez_canta.jpg","datePublished":"2021-10-14T12:50:53+00:00","dateModified":"2026-04-21T03:12:48+00:00","breadcrumb":{"@id":"https:\/\/www.teknocanta.com\/lamineli-parlak-bez-canta\/#breadcrumb"},"inLanguage":"en-US","potentialAction":[{"@type":"ReadAction","target":["https:\/\/www.teknocanta.com\/lamineli-parlak-bez-canta\/"]}]},{"@type":"ImageObject","inLanguage":"en-US","@id":"https:\/\/www.teknocanta.com\/lamineli-parlak-bez-canta\/#primaryimage","url":"https:\/\/www.teknocanta.com\/wp-content\/uploads\/2021\/10\/Hambez011_lamineli_parlak_bez_canta.jpg","contentUrl":"https:\/\/www.teknocanta.com\/wp-content\/uploads\/2021\/10\/Hambez011_lamineli_parlak_bez_canta.jpg","width":600,"height":600},{"@type":"BreadcrumbList","@id":"https:\/\/www.teknocanta.com\/lamineli-parlak-bez-canta\/#breadcrumb","itemListElement":[{"@type":"ListItem","position":1,"name":"Ana sayfa","item":"https:\/\/www.teknocanta.com\/en\/"},{"@type":"ListItem","position":2,"name":"\u00dcr\u00fcnler","item":"https:\/\/www.teknocanta.com\/urunler\/"},{"@type":"ListItem","position":3,"name":"Lamineli Parlak Bez \u00c7anta"}]},{"@type":"WebSite","@id":"https:\/\/www.teknocanta.com\/#website","url":"https:\/\/www.teknocanta.com\/","name":"Tekno \u00c7anta - Promosyon Toptan \u00c7anta \u0130malat\u0131","description":"Toptan \u00e7anta imalat\u0131, ham bez \u00e7anta, s\u0131rt \u00e7antalar\u0131, laptop ve evrak \u00e7antalar\u0131, kongre \u00e7antalar\u0131, fuar \u00e7antas\u0131 ve ipli b\u00fczg\u00fcl\u00fc \u00e7anta imalat\u0131 yapmaktay\u0131z.","potentialAction":[{"@type":"SearchAction","target":{"@type":"EntryPoint","urlTemplate":"https:\/\/www.teknocanta.com\/?s={search_term_string}"},"query-input":{"@type":"PropertyValueSpecification","valueRequired":true,"valueName":"search_term_string"}}],"inLanguage":"en-US"}]}},"_links":{"self":[{"href":"https:\/\/www.teknocanta.com\/en\/wp-json\/wp\/v2\/product\/37262","targetHints":{"allow":["GET"]}}],"collection":[{"href":"https:\/\/www.teknocanta.com\/en\/wp-json\/wp\/v2\/product"}],"about":[{"href":"https:\/\/www.teknocanta.com\/en\/wp-json\/wp\/v2\/types\/product"}],"replies":[{"embeddable":true,"href":"https:\/\/www.teknocanta.com\/en\/wp-json\/wp\/v2\/comments?post=37262"}],"wp:featuredmedia":[{"embeddable":true,"href":"https:\/\/www.teknocanta.com\/en\/wp-json\/wp\/v2\/media\/37391"}],"wp:attachment":[{"href":"https:\/\/www.teknocanta.com\/en\/wp-json\/wp\/v2\/media?parent=37262"}],"wp:term":[{"taxonomy":"product_brand","embeddable":true,"href":"https:\/\/www.teknocanta.com\/en\/wp-json\/wp\/v2\/product_brand?post=37262"},{"taxonomy":"product_cat","embeddable":true,"href":"https:\/\/www.teknocanta.com\/en\/wp-json\/wp\/v2\/product_cat?post=37262"},{"taxonomy":"product_tag","embeddable":true,"href":"https:\/\/www.teknocanta.com\/en\/wp-json\/wp\/v2\/product_tag?post=37262"}],"curies":[{"name":"wp","href":"https:\/\/api.w.org\/{rel}","templated":true}]}}